{"id":29,"date":"2022-05-24T16:43:49","date_gmt":"2022-05-24T14:43:49","guid":{"rendered":"http:\/\/amicalel2b.fr\/?page_id=29"},"modified":"2023-01-06T17:53:19","modified_gmt":"2023-01-06T16:53:19","slug":"actualites","status":"publish","type":"page","link":"https:\/\/amicalel2b.fr\/index.php\/actualites\/","title":{"rendered":"Actualit\u00e9s"},"content":{"rendered":"\t\t<div data-elementor-type=\"wp-page\" data-elementor-id=\"29\" class=\"elementor elementor-29\" data-elementor-post-type=\"page\">\n\t\t\t\t\t\t<section class=\"elementor-section elementor-top-section elementor-element elementor-element-5aea2a5 elementor-section-boxed elementor-section-height-default elementor-section-height-default\" data-id=\"5aea2a5\" data-element_type=\"section\" data-e-type=\"section\">\n\t\t\t\t\t\t<div class=\"elementor-container elementor-column-gap-default\">\n\t\t\t\t\t<div class=\"elementor-column elementor-col-100 elementor-top-column elementor-element elementor-element-4275964\" data-id=\"4275964\" data-element_type=\"column\" data-e-type=\"column\">\n\t\t\t<div class=\"elementor-widget-wrap elementor-element-populated\">\n\t\t\t\t\t\t<div class=\"elementor-element elementor-element-bf33170 elementor-widget elementor-widget-heading\" data-id=\"bf33170\" data-element_type=\"widget\" data-e-type=\"widget\" data-widget_type=\"heading.default\">\n\t\t\t\t<div class=\"elementor-widget-container\">\n\t\t\t\t\t<h2 class=\"elementor-heading-title elementor-size-default\">Actualit\u00e9s de l'AL2B<\/h2>\t\t\t\t<\/div>\n\t\t\t\t<\/div>\n\t\t\t\t\t<\/div>\n\t\t<\/div>\n\t\t\t\t\t<\/div>\n\t\t<\/section>\n\t\t\t\t<section class=\"elementor-section elementor-top-section elementor-element elementor-element-b995b8c elementor-section-boxed elementor-section-height-default elementor-section-height-default\" data-id=\"b995b8c\" data-element_type=\"section\" data-e-type=\"section\">\n\t\t\t\t\t\t<div class=\"elementor-container elementor-column-gap-default\">\n\t\t\t\t\t<div class=\"elementor-column elementor-col-100 elementor-top-column elementor-element elementor-element-093ac9e\" data-id=\"093ac9e\" data-element_type=\"column\" data-e-type=\"column\">\n\t\t\t<div class=\"elementor-widget-wrap elementor-element-populated\">\n\t\t\t\t\t\t<div class=\"elementor-element elementor-element-93109a4 elementor-grid-3 elementor-grid-tablet-2 elementor-grid-mobile-1 elementor-posts--thumbnail-top elementor-widget elementor-widget-posts\" data-id=\"93109a4\" data-element_type=\"widget\" data-e-type=\"widget\" data-settings=\"{&quot;pagination_type&quot;:&quot;load_more_infinite_scroll&quot;,&quot;classic_columns&quot;:&quot;3&quot;,&quot;classic_columns_tablet&quot;:&quot;2&quot;,&quot;classic_columns_mobile&quot;:&quot;1&quot;,&quot;classic_row_gap&quot;:{&quot;unit&quot;:&quot;px&quot;,&quot;size&quot;:35,&quot;sizes&quot;:[]},&quot;classic_row_gap_tablet&quot;:{&quot;unit&quot;:&quot;px&quot;,&quot;size&quot;:&quot;&quot;,&quot;sizes&quot;:[]},&quot;classic_row_gap_mobile&quot;:{&quot;unit&quot;:&quot;px&quot;,&quot;size&quot;:&quot;&quot;,&quot;sizes&quot;:[]},&quot;load_more_spinner&quot;:{&quot;value&quot;:&quot;fas fa-spinner&quot;,&quot;library&quot;:&quot;fa-solid&quot;}}\" data-widget_type=\"posts.classic\">\n\t\t\t\t<div class=\"elementor-widget-container\">\n\t\t\t\t\t\t\t<div class=\"elementor-posts-container elementor-posts elementor-posts--skin-classic elementor-grid\" role=\"list\">\n\t\t\t\t<article class=\"elementor-post elementor-grid-item post-3691 post type-post status-publish format-standard has-post-thumbnail hentry category-actualites-al2b category-evenements-ecole-quartier\" role=\"listitem\">\n\t\t\t\t<a class=\"elementor-post__thumbnail__link\" href=\"https:\/\/amicalel2b.fr\/index.php\/2025\/09\/22\/bouge-ta-sante-2025\/\" tabindex=\"-1\" >\n\t\t\t<div class=\"elementor-post__thumbnail\"><img fetchpriority=\"high\" decoding=\"async\" width=\"576\" height=\"1024\" src=\"https:\/\/amicalel2b.fr\/wp-content\/uploads\/2025\/06\/AL2B-Bougetasante25-1-576x1024.jpg\" class=\"attachment-large size-large wp-image-3804\" alt=\"\" srcset=\"https:\/\/amicalel2b.fr\/wp-content\/uploads\/2025\/06\/AL2B-Bougetasante25-1-576x1024.jpg 576w, https:\/\/amicalel2b.fr\/wp-content\/uploads\/2025\/06\/AL2B-Bougetasante25-1-169x300.jpg 169w, https:\/\/amicalel2b.fr\/wp-content\/uploads\/2025\/06\/AL2B-Bougetasante25-1-768x1365.jpg 768w, https:\/\/amicalel2b.fr\/wp-content\/uploads\/2025\/06\/AL2B-Bougetasante25-1-864x1536.jpg 864w, https:\/\/amicalel2b.fr\/wp-content\/uploads\/2025\/06\/AL2B-Bougetasante25-1-1152x2048.jpg 1152w, https:\/\/amicalel2b.fr\/wp-content\/uploads\/2025\/06\/AL2B-Bougetasante25-1-scaled.jpg 1440w\" sizes=\"(max-width: 576px) 100vw, 576px\" \/><\/div>\n\t\t<\/a>\n\t\t\t\t<div class=\"elementor-post__text\">\n\t\t\t\t<h3 class=\"elementor-post__title\">\n\t\t\t<a href=\"https:\/\/amicalel2b.fr\/index.php\/2025\/09\/22\/bouge-ta-sante-2025\/\" >\n\t\t\t\tBouge ta sant\u00e9 2025\t\t\t<\/a>\n\t\t<\/h3>\n\t\t\t\t<div class=\"elementor-post__excerpt\">\n\t\t\t\t\t<\/div>\n\t\t\n\t\t<a class=\"elementor-post__read-more\" href=\"https:\/\/amicalel2b.fr\/index.php\/2025\/09\/22\/bouge-ta-sante-2025\/\" aria-label=\"En savoir plus sur Bouge ta sant\u00e9 2025\" tabindex=\"-1\" >\n\t\t\tLire la suite \u00bb\t\t<\/a>\n\n\t\t\t\t<\/div>\n\t\t\t\t<\/article>\n\t\t\t\t<article class=\"elementor-post elementor-grid-item post-3681 post type-post status-publish format-standard has-post-thumbnail hentry category-actualites-al2b category-evenements-ecole-quartier category-sans-pied\" role=\"listitem\">\n\t\t\t\t<a class=\"elementor-post__thumbnail__link\" href=\"https:\/\/amicalel2b.fr\/index.php\/2025\/06\/07\/fete-de-la-st-jean-6-juin-2025\/\" tabindex=\"-1\" >\n\t\t\t<div class=\"elementor-post__thumbnail\"><img decoding=\"async\" width=\"576\" height=\"1024\" src=\"https:\/\/amicalel2b.fr\/wp-content\/uploads\/2025\/06\/AL2B-StJean25-2-576x1024.jpg\" class=\"attachment-large size-large wp-image-3708\" alt=\"\" srcset=\"https:\/\/amicalel2b.fr\/wp-content\/uploads\/2025\/06\/AL2B-StJean25-2-576x1024.jpg 576w, https:\/\/amicalel2b.fr\/wp-content\/uploads\/2025\/06\/AL2B-StJean25-2-169x300.jpg 169w, https:\/\/amicalel2b.fr\/wp-content\/uploads\/2025\/06\/AL2B-StJean25-2-768x1365.jpg 768w, https:\/\/amicalel2b.fr\/wp-content\/uploads\/2025\/06\/AL2B-StJean25-2-864x1536.jpg 864w, https:\/\/amicalel2b.fr\/wp-content\/uploads\/2025\/06\/AL2B-StJean25-2-1152x2048.jpg 1152w, https:\/\/amicalel2b.fr\/wp-content\/uploads\/2025\/06\/AL2B-StJean25-2-scaled.jpg 1440w\" sizes=\"(max-width: 576px) 100vw, 576px\" \/><\/div>\n\t\t<\/a>\n\t\t\t\t<div class=\"elementor-post__text\">\n\t\t\t\t<h3 class=\"elementor-post__title\">\n\t\t\t<a href=\"https:\/\/amicalel2b.fr\/index.php\/2025\/06\/07\/fete-de-la-st-jean-6-juin-2025\/\" >\n\t\t\t\tF\u00eate de la St Jean 6 juin 2025\t\t\t<\/a>\n\t\t<\/h3>\n\t\t\t\t<div class=\"elementor-post__excerpt\">\n\t\t\t\t\t<\/div>\n\t\t\n\t\t<a class=\"elementor-post__read-more\" href=\"https:\/\/amicalel2b.fr\/index.php\/2025\/06\/07\/fete-de-la-st-jean-6-juin-2025\/\" aria-label=\"En savoir plus sur F\u00eate de la St Jean 6 juin 2025\" tabindex=\"-1\" >\n\t\t\tLire la suite \u00bb\t\t<\/a>\n\n\t\t\t\t<\/div>\n\t\t\t\t<\/article>\n\t\t\t\t<article class=\"elementor-post elementor-grid-item post-3653 post type-post status-publish format-standard has-post-thumbnail hentry category-actualites-al2b category-evenements-ecole-quartier category-sans-pied\" role=\"listitem\">\n\t\t\t\t<a class=\"elementor-post__thumbnail__link\" href=\"https:\/\/amicalel2b.fr\/index.php\/2025\/05\/25\/70-ans-de-lal2b-et-de-lecole-de-la-benauge\/\" tabindex=\"-1\" >\n\t\t\t<div class=\"elementor-post__thumbnail\"><img decoding=\"async\" width=\"800\" height=\"600\" src=\"https:\/\/amicalel2b.fr\/wp-content\/uploads\/2025\/06\/AL2B-70-19-1024x768.jpg\" class=\"attachment-large size-large wp-image-3738\" alt=\"\" srcset=\"https:\/\/amicalel2b.fr\/wp-content\/uploads\/2025\/06\/AL2B-70-19-1024x768.jpg 1024w, https:\/\/amicalel2b.fr\/wp-content\/uploads\/2025\/06\/AL2B-70-19-300x225.jpg 300w, https:\/\/amicalel2b.fr\/wp-content\/uploads\/2025\/06\/AL2B-70-19-768x576.jpg 768w, https:\/\/amicalel2b.fr\/wp-content\/uploads\/2025\/06\/AL2B-70-19-1536x1152.jpg 1536w, https:\/\/amicalel2b.fr\/wp-content\/uploads\/2025\/06\/AL2B-70-19.jpg 2048w\" sizes=\"(max-width: 800px) 100vw, 800px\" \/><\/div>\n\t\t<\/a>\n\t\t\t\t<div class=\"elementor-post__text\">\n\t\t\t\t<h3 class=\"elementor-post__title\">\n\t\t\t<a href=\"https:\/\/amicalel2b.fr\/index.php\/2025\/05\/25\/70-ans-de-lal2b-et-de-lecole-de-la-benauge\/\" >\n\t\t\t\t70 ans de l&rsquo;AL2B et de l&rsquo;\u00e9cole de La Benauge\t\t\t<\/a>\n\t\t<\/h3>\n\t\t\t\t<div class=\"elementor-post__excerpt\">\n\t\t\t\t\t<\/div>\n\t\t\n\t\t<a class=\"elementor-post__read-more\" href=\"https:\/\/amicalel2b.fr\/index.php\/2025\/05\/25\/70-ans-de-lal2b-et-de-lecole-de-la-benauge\/\" aria-label=\"En savoir plus sur 70 ans de l&rsquo;AL2B et de l&rsquo;\u00e9cole de La Benauge\" tabindex=\"-1\" >\n\t\t\tLire la suite \u00bb\t\t<\/a>\n\n\t\t\t\t<\/div>\n\t\t\t\t<\/article>\n\t\t\t\t<article class=\"elementor-post elementor-grid-item post-3643 post type-post status-publish format-standard has-post-thumbnail hentry category-actualites-al2b category-evenements-ecole-quartier category-parascolaire-parcours-de-soins category-ramassage-scolaire-celeste category-sans-pied\" role=\"listitem\">\n\t\t\t\t<a class=\"elementor-post__thumbnail__link\" href=\"https:\/\/amicalel2b.fr\/index.php\/2025\/05\/06\/assemblee-generale-2025\/\" tabindex=\"-1\" >\n\t\t\t<div class=\"elementor-post__thumbnail\"><img loading=\"lazy\" decoding=\"async\" width=\"633\" height=\"1024\" src=\"https:\/\/amicalel2b.fr\/wp-content\/uploads\/2025\/05\/AL2B-AG2025-e1746776921734-633x1024.jpg\" class=\"attachment-large size-large wp-image-3647\" alt=\"\" srcset=\"https:\/\/amicalel2b.fr\/wp-content\/uploads\/2025\/05\/AL2B-AG2025-e1746776921734-633x1024.jpg 633w, https:\/\/amicalel2b.fr\/wp-content\/uploads\/2025\/05\/AL2B-AG2025-e1746776921734-185x300.jpg 185w, https:\/\/amicalel2b.fr\/wp-content\/uploads\/2025\/05\/AL2B-AG2025-e1746776921734-768x1242.jpg 768w, https:\/\/amicalel2b.fr\/wp-content\/uploads\/2025\/05\/AL2B-AG2025-e1746776921734-949x1536.jpg 949w, https:\/\/amicalel2b.fr\/wp-content\/uploads\/2025\/05\/AL2B-AG2025-e1746776921734.jpg 1125w\" sizes=\"(max-width: 633px) 100vw, 633px\" \/><\/div>\n\t\t<\/a>\n\t\t\t\t<div class=\"elementor-post__text\">\n\t\t\t\t<h3 class=\"elementor-post__title\">\n\t\t\t<a href=\"https:\/\/amicalel2b.fr\/index.php\/2025\/05\/06\/assemblee-generale-2025\/\" >\n\t\t\t\tAssembl\u00e9e G\u00e9n\u00e9rale 2025\t\t\t<\/a>\n\t\t<\/h3>\n\t\t\t\t<div class=\"elementor-post__excerpt\">\n\t\t\t\t\t<\/div>\n\t\t\n\t\t<a class=\"elementor-post__read-more\" href=\"https:\/\/amicalel2b.fr\/index.php\/2025\/05\/06\/assemblee-generale-2025\/\" aria-label=\"En savoir plus sur Assembl\u00e9e G\u00e9n\u00e9rale 2025\" tabindex=\"-1\" >\n\t\t\tLire la suite \u00bb\t\t<\/a>\n\n\t\t\t\t<\/div>\n\t\t\t\t<\/article>\n\t\t\t\t<article class=\"elementor-post elementor-grid-item post-3342 post type-post status-publish format-standard has-post-thumbnail hentry category-actualites-al2b category-evenements-ecole-quartier\" role=\"listitem\">\n\t\t\t\t<a class=\"elementor-post__thumbnail__link\" href=\"https:\/\/amicalel2b.fr\/index.php\/2025\/03\/31\/preparation-des-70-ans-de-lecole-et-de-lal2b\/\" tabindex=\"-1\" >\n\t\t\t<div class=\"elementor-post__thumbnail\"><img loading=\"lazy\" decoding=\"async\" width=\"800\" height=\"573\" src=\"https:\/\/amicalel2b.fr\/wp-content\/uploads\/2025\/03\/AL2B-70-1950-Syvie-DROUET-2-1958-59-scaled-e1744703058901-1024x734.jpg\" class=\"attachment-large size-large wp-image-3366\" alt=\"\" srcset=\"https:\/\/amicalel2b.fr\/wp-content\/uploads\/2025\/03\/AL2B-70-1950-Syvie-DROUET-2-1958-59-scaled-e1744703058901-1024x734.jpg 1024w, https:\/\/amicalel2b.fr\/wp-content\/uploads\/2025\/03\/AL2B-70-1950-Syvie-DROUET-2-1958-59-scaled-e1744703058901-300x215.jpg 300w, https:\/\/amicalel2b.fr\/wp-content\/uploads\/2025\/03\/AL2B-70-1950-Syvie-DROUET-2-1958-59-scaled-e1744703058901-768x551.jpg 768w, https:\/\/amicalel2b.fr\/wp-content\/uploads\/2025\/03\/AL2B-70-1950-Syvie-DROUET-2-1958-59-scaled-e1744703058901-1536x1101.jpg 1536w, https:\/\/amicalel2b.fr\/wp-content\/uploads\/2025\/03\/AL2B-70-1950-Syvie-DROUET-2-1958-59-scaled-e1744703058901-2048x1468.jpg 2048w\" sizes=\"(max-width: 800px) 100vw, 800px\" \/><\/div>\n\t\t<\/a>\n\t\t\t\t<div class=\"elementor-post__text\">\n\t\t\t\t<h3 class=\"elementor-post__title\">\n\t\t\t<a href=\"https:\/\/amicalel2b.fr\/index.php\/2025\/03\/31\/preparation-des-70-ans-de-lecole-et-de-lal2b\/\" >\n\t\t\t\tPr\u00e9paration des 70 ans de l\u2019\u00e9cole et de l\u2019AL2B\t\t\t<\/a>\n\t\t<\/h3>\n\t\t\t\t<div class=\"elementor-post__excerpt\">\n\t\t\t\t\t<\/div>\n\t\t\n\t\t<a class=\"elementor-post__read-more\" href=\"https:\/\/amicalel2b.fr\/index.php\/2025\/03\/31\/preparation-des-70-ans-de-lecole-et-de-lal2b\/\" aria-label=\"En savoir plus sur Pr\u00e9paration des 70 ans de l\u2019\u00e9cole et de l\u2019AL2B\" tabindex=\"-1\" >\n\t\t\tLire la suite \u00bb\t\t<\/a>\n\n\t\t\t\t<\/div>\n\t\t\t\t<\/article>\n\t\t\t\t<article class=\"elementor-post elementor-grid-item post-3338 post type-post status-publish format-standard has-post-thumbnail hentry category-actualites-al2b category-parascolaire-parcours-de-soins\" role=\"listitem\">\n\t\t\t\t<a class=\"elementor-post__thumbnail__link\" href=\"https:\/\/amicalel2b.fr\/index.php\/2025\/03\/18\/parcours-de-soins-2000km-avec-cornelius-depuis-septembre\/\" tabindex=\"-1\" >\n\t\t\t<div class=\"elementor-post__thumbnail\"><img loading=\"lazy\" decoding=\"async\" width=\"768\" height=\"1024\" src=\"https:\/\/amicalel2b.fr\/wp-content\/uploads\/2025\/04\/AL2B-Cornelius-1-768x1024.jpg\" class=\"attachment-large size-large wp-image-3356\" alt=\"\" srcset=\"https:\/\/amicalel2b.fr\/wp-content\/uploads\/2025\/04\/AL2B-Cornelius-1-768x1024.jpg 768w, https:\/\/amicalel2b.fr\/wp-content\/uploads\/2025\/04\/AL2B-Cornelius-1-225x300.jpg 225w, https:\/\/amicalel2b.fr\/wp-content\/uploads\/2025\/04\/AL2B-Cornelius-1-1152x1536.jpg 1152w, https:\/\/amicalel2b.fr\/wp-content\/uploads\/2025\/04\/AL2B-Cornelius-1-1536x2048.jpg 1536w, https:\/\/amicalel2b.fr\/wp-content\/uploads\/2025\/04\/AL2B-Cornelius-1-scaled.jpg 1920w\" sizes=\"(max-width: 768px) 100vw, 768px\" \/><\/div>\n\t\t<\/a>\n\t\t\t\t<div class=\"elementor-post__text\">\n\t\t\t\t<h3 class=\"elementor-post__title\">\n\t\t\t<a href=\"https:\/\/amicalel2b.fr\/index.php\/2025\/03\/18\/parcours-de-soins-2000km-avec-cornelius-depuis-septembre\/\" >\n\t\t\t\tParcours de soins : 2000Km avec Corn\u00e9lius depuis septembre !\t\t\t<\/a>\n\t\t<\/h3>\n\t\t\t\t<div class=\"elementor-post__excerpt\">\n\t\t\t\t\t<\/div>\n\t\t\n\t\t<a class=\"elementor-post__read-more\" href=\"https:\/\/amicalel2b.fr\/index.php\/2025\/03\/18\/parcours-de-soins-2000km-avec-cornelius-depuis-septembre\/\" aria-label=\"En savoir plus sur Parcours de soins : 2000Km avec Corn\u00e9lius depuis septembre !\" tabindex=\"-1\" >\n\t\t\tLire la suite \u00bb\t\t<\/a>\n\n\t\t\t\t<\/div>\n\t\t\t\t<\/article>\n\t\t\t\t<\/div>\n\t\t\t\t\t<span class=\"e-load-more-spinner\">\n\t\t\t\t<i aria-hidden=\"true\" class=\"fas fa-spinner\"><\/i>\t\t\t<\/span>\n\t\t\n\t\t\t\t<div class=\"e-load-more-anchor\" data-page=\"1\" data-max-page=\"10\" data-next-page=\"https:\/\/amicalel2b.fr\/index.php\/wp-json\/wp\/v2\/pages\/29\/page\/2\/\"><\/div>\n\t\t\t\t<div class=\"e-load-more-message\"><\/div>\n\t\t\t\t\t\t<\/div>\n\t\t\t\t<\/div>\n\t\t\t\t\t<\/div>\n\t\t<\/div>\n\t\t\t\t\t<\/div>\n\t\t<\/section>\n\t\t\t\t<\/div>\n\t\t","protected":false},"excerpt":{"rendered":"<p>Actualit\u00e9s de l&rsquo;AL2B<\/p>\n","protected":false},"author":1,"featured_media":0,"parent":0,"menu_order":21,"comment_status":"closed","ping_status":"closed","template":"elementor_header_footer","meta":{"_acf_changed":false,"om_disable_all_campaigns":false,"_monsterinsights_skip_tracking":false,"_monsterinsights_sitenote_active":false,"_monsterinsights_sitenote_note":"","_monsterinsights_sitenote_category":0,"footnotes":""},"class_list":["post-29","page","type-page","status-publish","hentry"],"acf":[],"aioseo_notices":[],"_links":{"self":[{"href":"https:\/\/amicalel2b.fr\/index.php\/wp-json\/wp\/v2\/pages\/29","targetHints":{"allow":["GET"]}}],"collection":[{"href":"https:\/\/amicalel2b.fr\/index.php\/wp-json\/wp\/v2\/pages"}],"about":[{"href":"https:\/\/amicalel2b.fr\/index.php\/wp-json\/wp\/v2\/types\/page"}],"author":[{"embeddable":true,"href":"https:\/\/amicalel2b.fr\/index.php\/wp-json\/wp\/v2\/users\/1"}],"replies":[{"embeddable":true,"href":"https:\/\/amicalel2b.fr\/index.php\/wp-json\/wp\/v2\/comments?post=29"}],"version-history":[{"count":38,"href":"https:\/\/amicalel2b.fr\/index.php\/wp-json\/wp\/v2\/pages\/29\/revisions"}],"predecessor-version":[{"id":1874,"href":"https:\/\/amicalel2b.fr\/index.php\/wp-json\/wp\/v2\/pages\/29\/revisions\/1874"}],"wp:attachment":[{"href":"https:\/\/amicalel2b.fr\/index.php\/wp-json\/wp\/v2\/media?parent=29"}],"curies":[{"name":"wp","href":"https:\/\/api.w.org\/{rel}","templated":true}]}}